{"id":99,"date":"2015-02-20T21:37:30","date_gmt":"2015-02-20T21:37:30","guid":{"rendered":"http:\/\/pssf.ch\/wordpress\/?page_id=99"},"modified":"2026-04-27T09:16:46","modified_gmt":"2026-04-27T09:16:46","slug":"berichte-2","status":"publish","type":"page","link":"https:\/\/pssf.ch\/wordpress\/?page_id=99","title":{"rendered":"Berichte"},"content":{"rendered":"\t\t<div data-elementor-type=\"wp-page\" data-elementor-id=\"99\" class=\"elementor elementor-99\" data-elementor-post-type=\"page\">\n\t\t\t\t<div class=\"has_eae_slider elementor-element elementor-element-5c2106bc e-flex e-con-boxed e-con e-parent\" data-eae-slider=\"90800\" data-id=\"5c2106bc\" data-element_type=\"container\" data-e-type=\"container\" data-settings=\"{&quot;background_background&quot;:&quot;gradient&quot;}\">\n\t\t\t\t\t<div class=\"e-con-inner\">\n\t\t\t\t<div class=\"elementor-element elementor-element-7f127b48 elementor-widget elementor-widget-text-editor\" data-id=\"7f127b48\" data-element_type=\"widget\" data-e-type=\"widget\" data-widget_type=\"text-editor.default\">\n\t\t\t\t<div class=\"elementor-widget-container\">\n\t\t\t\t\t\t\t\t\t<h6>2026<\/h6><p><a href=\"https:\/\/pssf.ch\/wordpress\/wp-content\/uploads\/2026\/03\/Medienmitteilung-GV-2026.pdf\" target=\"_blank\" rel=\"noopener\">Medienmitteilung zur 15. Generalversammlung 2026WM-Silber-Gewinner in Sch\u00fcpfheim<\/a><br \/><a href=\"https:\/\/pssf.ch\/wordpress\/wp-content\/uploads\/2026\/04\/Medienmitteilung-Hirserenschiessen-Willisau.pdf\" target=\"_blank\" rel=\"noopener\">Erfolgreiches 59. Hirsernschiessen 2026 in Willisau<\/a><\/p><h6>2025<\/h6><p><a href=\"https:\/\/pssf.ch\/wordpress\/wp-content\/uploads\/2025\/11\/Schiesssport-WM-2025-in-Kairo.pdf\" target=\"_blank\" rel=\"noopener\">WM-Silber-Gewinner in Sch\u00fcpfheim<\/a><br \/><a href=\"https:\/\/pssf.ch\/wordpress\/wp-content\/uploads\/2025\/11\/Medienmitteilung_Morgarten25.pdf\" target=\"_blank\" rel=\"noopener\">Erfolgreiches Morgartenschiessen<\/a><br \/><a href=\"https:\/\/pssf.ch\/wordpress\/wp-content\/uploads\/2025\/10\/2025_Cup_Schiessen.pdf\" target=\"_blank\" rel=\"noopener\">14. Cupschiessen der Pistolensch\u00fctzen Sch\u00fcpfheim-Fl\u00fchli PSSF<\/a><br \/><a href=\"https:\/\/pssf.ch\/wordpress\/wp-content\/uploads\/2025\/05\/Medienmitteilung-Hirserenschiessen-Willisau.pdf\" target=\"_blank\" rel=\"noopener\"><span style=\"font-size: 12.0pt; line-height: 107%; font-family: 'Arial',sans-serif; mso-fareast-font-family: Calibri; mso-fareast-theme-font: minor-latin; mso-ansi-language: DE-CH; mso-fareast-language: EN-US; mso-bidi-language: AR-SA;\">Erfolgreiches 58. Hirserenschiessen 2025 in Willisau<\/span><\/a><br \/><a href=\"https:\/\/pssf.ch\/wordpress\/wp-content\/uploads\/2025\/09\/Medienmitteilung-Zuercher-Kantonales-Schuetzenfest.pdf\">Besuch des 27. Z\u00fcrcher Kantonalsch\u00fctzenfestes am Sonntag, 24. August 2025<\/a><\/p><h6>2024<\/h6><p>Jahresr\u00fcckblick 2024\u00a0\u00a0\u00a0\u00a0\u00a0\u00a0\u00a0\u00a0\u00a0\u00a0\u00a0\u00a0\u00a0 <br \/><a href=\"https:\/\/pssf.ch\/wordpress\/wp-content\/uploads\/2025\/01\/2024-Medienmitteilung-GV-2024.pdf\" target=\"_blank\" rel=\"noopener\">Entlebucher Anzeiger 23.02.2024 (GV-Bericht)<\/a><br \/><a href=\"https:\/\/pssf.ch\/wordpress\/wp-content\/uploads\/2025\/01\/2024-Cup-Schiessen.pdf\" target=\"_blank\" rel=\"noopener\">Cup Schiessen 2024<\/a><br \/><a href=\"https:\/\/pssf.ch\/wordpress\/wp-content\/uploads\/2025\/01\/2024-Medienbericht-Jubilaeum-Malters.pdf\" target=\"_blank\" rel=\"noopener\">Medienbericht Jubil\u00e4um Malters<\/a><br \/><a href=\"https:\/\/pssf.ch\/wordpress\/wp-content\/uploads\/2025\/01\/2024-Medienbericht-Kantonales-Schuetzenfest-Jura.pdf\" target=\"_blank\" rel=\"noopener\">Kantonales Sch\u00fctzenfest Jura Medienbericht<\/a>\u00a0<br \/><a href=\"https:\/\/pssf.ch\/wordpress\/wp-content\/uploads\/2025\/01\/2024-Tag-der-Offenen-Schuetzenhaeuser.pdf\" target=\"_blank\" rel=\"noopener\">Tag der Offenen Sch\u00fctzenh\u00e4user<\/a><\/p><h6>2023<\/h6><p>Jahresr\u00fcckblick 2023<br \/><a href=\"https:\/\/pssf.ch\/wordpress\/wp-content\/uploads\/2025\/01\/2023-Medienmitteilung-GV-2023.pdf\" target=\"_blank\" rel=\"noopener\">Entlebucher Anzeiger 24.02.2023 (GV-Bericht)<\/a><br \/><a href=\"https:\/\/pssf.ch\/wordpress\/wp-content\/uploads\/2025\/01\/2023-Cup-Schiessen.pdf\" target=\"_blank\" rel=\"noopener\">Cup Schiessen 2023<\/a><br \/><a href=\"https:\/\/pssf.ch\/wordpress\/wp-content\/uploads\/2025\/01\/2023-Aargauer-Kantonales-Schuetzenfest-Medienbericht.pdf\" target=\"_blank\" rel=\"noopener\">Aargauer Kantonales Sch\u00fctzenfest Medienbericht<\/a><br \/><a href=\"https:\/\/pssf.ch\/wordpress\/wp-content\/uploads\/2025\/01\/2023-Obwaldner-Kantonales-Schuetzenfest-Medienbericht.pdf\" target=\"_blank\" rel=\"noopener\">Obwaldner Kantonales Sch\u00fctzenfest Medienbericht<\/a><\/p><h6>2022<\/h6><p>Jahresr\u00fcckblick 2022<br \/><a href=\"https:\/\/pssf.ch\/wordpress\/wp-content\/uploads\/2025\/01\/2022-Cup-Schiessen.pdf\" target=\"_blank\" rel=\"noopener\">Cup Schiessen 2022<\/a><\/p><h6>2021<\/h6><p>Jahresr\u00fcckblick 2021<\/p><h6>2020<\/h6><p>Jahresr\u00fcckblick 2020<\/p><h6>2019<\/h6><p><a href=\"http:\/\/pssf.ch\/wordpress\/wp-content\/uploads\/2020\/03\/Jahresrueckblick2019_def.pdf\">Jahresr\u00fcckblick 2019<\/a><\/p><h6>2018<\/h6><p><a href=\"http:\/\/pssf.ch\/wordpress\/wp-content\/uploads\/2019\/02\/Jahresr\u00fcckblick2018_def.pdf\" target=\"_blank\" rel=\"noopener noreferrer\">Jahresr\u00fcckblick 2018<\/a><\/p><h6>2017<\/h6><p><a href=\"http:\/\/pssf.ch\/wordpress\/wp-content\/uploads\/2018\/02\/Jahresrueckblick2017.pdf\" target=\"_blank\" rel=\"noopener noreferrer\">Jahresr\u00fcckblick 2017<\/a><br \/><a href=\"http:\/\/pssf.ch\/wordpress\/wp-content\/uploads\/2018\/03\/GV-Bericht2018.pdf\" target=\"_blank\" rel=\"noopener noreferrer\">Entlebucher Anzeiger 23.02.2018 (GV-Bericht)<\/a><\/p><h6>2016<\/h6><p><a href=\"http:\/\/pssf.ch\/wordpress\/wp-content\/uploads\/2017\/02\/Jahresrueckblick2016.pdf\" target=\"_blank\" rel=\"noopener noreferrer\">Jahresr\u00fcckblick 2016<\/a><br \/><a href=\"http:\/\/pssf.ch\/wordpress\/wp-content\/uploads\/2017\/03\/GV-Bericht2017.pdf\">Entlebucher Anzeiger 28.02.2017 (GV-Bericht)<\/a><\/p><h6>2015<\/h6><p><a href=\"http:\/\/pssf.ch\/wordpress\/wp-content\/uploads\/2016\/02\/Jahresrueckblick2015.pdf\" target=\"_blank\" rel=\"noopener noreferrer\">Jahresr\u00fcckblick 2015<\/a><\/p><h6>2014<\/h6><p><a title=\"Jahresr\u00fcckblick 2014\" href=\"http:\/\/pssf.ch\/wordpress\/wp-content\/uploads\/2015\/03\/Jahresr\u00fcckblick-2014_v01.pdf\" target=\"_blank\" rel=\"noopener noreferrer\">Jahresr\u00fcckblick 2014<\/a><\/p><h6>2013<\/h6><p><a href=\"http:\/\/www.pssf.ch\/Berichte\/Jahresruckblick2013.pdf\" target=\"_blank\" rel=\"noopener noreferrer\">Jahresr\u00fcckblick 2013<\/a><\/p><h6>2012<\/h6><p><a href=\"http:\/\/www.pssf.ch\/Berichte\/Jahresruckblick2012.pdf\" target=\"_blank\" rel=\"noopener noreferrer\">Jahresr\u00fcckblick 2012<\/a><\/p><h6>2011<\/h6><p><a href=\"http:\/\/www.pssf.ch\/Berichte\/Jahresruckblick2011.pdf\" target=\"_blank\" rel=\"noopener noreferrer\">Jahresr\u00fcckblick 2011<\/a><\/p>\t\t\t\t\t\t\t\t<\/div>\n\t\t\t\t<\/div>\n\t\t\t\t\t<\/div>\n\t\t\t\t<\/div>\n\t\t\t\t<\/div>\n\t\t","protected":false},"excerpt":{"rendered":"<p>2026 Medienmitteilung zur 15. Generalversammlung 2026WM-Silber-Gewinner in Sch\u00fcpfheimErfolgreiches 59. Hirsernschiessen 2026 in Willisau 2025 WM-Silber-Gewinner in Sch\u00fcpfheimErfolgreiches Morgartenschiessen14. Cupschiessen der Pistolensch\u00fctzen Sch\u00fcpfheim-Fl\u00fchli PSSFErfolgreiches 58. Hirserenschiessen 2025 in WillisauBesuch des 27. Z\u00fcrcher Kantonalsch\u00fctzenfestes am Sonntag, 24. August 2025 2024 Jahresr\u00fcckblick 2024\u00a0\u00a0\u00a0\u00a0\u00a0\u00a0\u00a0\u00a0\u00a0\u00a0\u00a0\u00a0\u00a0 Entlebucher Anzeiger 23.02.2024 (GV-Bericht)Cup Schiessen 2024Medienbericht Jubil\u00e4um MaltersKantonales Sch\u00fctzenfest Jura Medienbericht\u00a0Tag der Offenen Sch\u00fctzenh\u00e4user 2023 [&hellip;]<\/p>\n","protected":false},"author":1,"featured_media":0,"parent":0,"menu_order":0,"comment_status":"closed","ping_status":"closed","template":"","meta":{"footnotes":""},"class_list":["post-99","page","type-page","status-publish","hentry"],"_links":{"self":[{"href":"https:\/\/pssf.ch\/wordpress\/index.php?rest_route=\/wp\/v2\/pages\/99","targetHints":{"allow":["GET"]}}],"collection":[{"href":"https:\/\/pssf.ch\/wordpress\/index.php?rest_route=\/wp\/v2\/pages"}],"about":[{"href":"https:\/\/pssf.ch\/wordpress\/index.php?rest_route=\/wp\/v2\/types\/page"}],"author":[{"embeddable":true,"href":"https:\/\/pssf.ch\/wordpress\/index.php?rest_route=\/wp\/v2\/users\/1"}],"replies":[{"embeddable":true,"href":"https:\/\/pssf.ch\/wordpress\/index.php?rest_route=%2Fwp%2Fv2%2Fcomments&post=99"}],"version-history":[{"count":78,"href":"https:\/\/pssf.ch\/wordpress\/index.php?rest_route=\/wp\/v2\/pages\/99\/revisions"}],"predecessor-version":[{"id":1624,"href":"https:\/\/pssf.ch\/wordpress\/index.php?rest_route=\/wp\/v2\/pages\/99\/revisions\/1624"}],"wp:attachment":[{"href":"https:\/\/pssf.ch\/wordpress\/index.php?rest_route=%2Fwp%2Fv2%2Fmedia&parent=99"}],"curies":[{"name":"wp","href":"https:\/\/api.w.org\/{rel}","templated":true}]}}